{"id":12160,"date":"2021-03-22T11:01:53","date_gmt":"2021-03-22T10:01:53","guid":{"rendered":"https:\/\/www.avenirgroup.ch\/?post_type=team&#038;p=12160"},"modified":"2025-10-06T12:19:58","modified_gmt":"2025-10-06T10:19:58","slug":"martin-mueller","status":"publish","type":"team","link":"https:\/\/www.avenirgroup.ch\/fr\/team\/martin-mueller\/","title":{"rendered":"Martin M\u00fcller"},"content":{"rendered":"<p>D\u00e8s ses \u00e9tudes de droit, Martin s\u2019est passionn\u00e9 pour la digitalisation et les mod\u00e8les d\u2019affaires innovants, et a men\u00e9 avec succ\u00e8s plusieurs projets en ligne dans diff\u00e9rents secteurs. Avant de rejoindre Avenir Group, il a accompagn\u00e9 une start-up sp\u00e9cialis\u00e9e dans l\u2019analyse s\u00e9mantique de CV et contribu\u00e9 au d\u00e9veloppement d\u2019une solution de recrutement en ligne int\u00e9grant des tests d\u2019\u00e9valuation.<\/p>\n<p>Dans sa vie personnelle, Martin reste actif et se rappelle avec humour que m\u00eame les outils les plus modernes, comme l\u2019Apple Watch, ne remplacent pas l\u2019entra\u00eenement r\u00e9gulier lors de ses courses \u00e0 pied, courtes ou longues.<\/p>\n","protected":false},"featured_media":7097,"template":"","class_list":["post-12160","team","type-team","status-publish","has-post-thumbnail","hentry","sprache-allemand-fr","sprache-anglais-fr"],"acf":[],"yoast_head":"<!-- This site is optimized with the Yoast SEO Premium plugin v27.5 (Yoast SEO v27.5) - https:\/\/yoast.com\/product\/yoast-seo-premium-wordpress\/ -->\n<title>Martin M\u00fcller &#8211; Avenir Group<\/title>\n<meta name=\"robots\" content=\"index, follow, max-snippet:-1, max-image-preview:large, max-video-preview:-1\" \/>\n<link rel=\"canonical\" href=\"https:\/\/www.avenirgroup.ch\/fr\/team\/martin-mueller\/\" \/>\n<meta property=\"og:locale\" content=\"fr_FR\" \/>\n<meta property=\"og:type\" content=\"article\" \/>\n<meta property=\"og:title\" content=\"Martin M\u00fcller\" \/>\n<meta property=\"og:description\" content=\"D\u00e8s ses \u00e9tudes de droit, Martin s\u2019est passionn\u00e9 pour la digitalisation et les mod\u00e8les d\u2019affaires innovants, et a men\u00e9 avec succ\u00e8s plusieurs projets en\" \/>\n<meta property=\"og:url\" content=\"https:\/\/www.avenirgroup.ch\/fr\/team\/martin-mueller\/\" \/>\n<meta property=\"og:site_name\" content=\"Avenir Group\" \/>\n<meta property=\"article:publisher\" content=\"https:\/\/www.facebook.com\/avenirgroup\" \/>\n<meta property=\"article:modified_time\" content=\"2025-10-06T10:19:58+00:00\" \/>\n<meta property=\"og:image\" content=\"https:\/\/www.avenirgroup.ch\/wp-content\/uploads\/kl_Martin-Mueller-20210224-Portrait_quad.jpg\" \/>\n\t<meta property=\"og:image:width\" content=\"1200\" \/>\n\t<meta property=\"og:image:height\" content=\"1200\" \/>\n\t<meta property=\"og:image:type\" content=\"image\/jpeg\" \/>\n<meta name=\"twitter:card\" content=\"summary_large_image\" \/>\n<meta name=\"twitter:site\" content=\"@avenirgroup\" \/>\n<meta name=\"twitter:label1\" content=\"Dur\u00e9e de lecture estim\u00e9e\" \/>\n\t<meta name=\"twitter:data1\" content=\"1 minute\" \/>\n<script type=\"application\/ld+json\" class=\"yoast-schema-graph\">{\"@context\":\"https:\\\/\\\/schema.org\",\"@graph\":[{\"@type\":\"WebPage\",\"@id\":\"https:\\\/\\\/www.avenirgroup.ch\\\/fr\\\/team\\\/martin-mueller\\\/\",\"url\":\"https:\\\/\\\/www.avenirgroup.ch\\\/fr\\\/team\\\/martin-mueller\\\/\",\"name\":\"Martin M\u00fcller &#8211; Avenir Group\",\"isPartOf\":{\"@id\":\"https:\\\/\\\/www.avenirgroup.ch\\\/fr\\\/#website\"},\"primaryImageOfPage\":{\"@id\":\"https:\\\/\\\/www.avenirgroup.ch\\\/fr\\\/team\\\/martin-mueller\\\/#primaryimage\"},\"image\":{\"@id\":\"https:\\\/\\\/www.avenirgroup.ch\\\/fr\\\/team\\\/martin-mueller\\\/#primaryimage\"},\"thumbnailUrl\":\"https:\\\/\\\/www.avenirgroup.ch\\\/wp-content\\\/uploads\\\/kl_Martin-Mueller-20210224-Portrait_quad.jpg\",\"datePublished\":\"2021-03-22T10:01:53+00:00\",\"dateModified\":\"2025-10-06T10:19:58+00:00\",\"breadcrumb\":{\"@id\":\"https:\\\/\\\/www.avenirgroup.ch\\\/fr\\\/team\\\/martin-mueller\\\/#breadcrumb\"},\"inLanguage\":\"fr-FR\",\"potentialAction\":[{\"@type\":\"ReadAction\",\"target\":[\"https:\\\/\\\/www.avenirgroup.ch\\\/fr\\\/team\\\/martin-mueller\\\/\"]}]},{\"@type\":\"ImageObject\",\"inLanguage\":\"fr-FR\",\"@id\":\"https:\\\/\\\/www.avenirgroup.ch\\\/fr\\\/team\\\/martin-mueller\\\/#primaryimage\",\"url\":\"https:\\\/\\\/www.avenirgroup.ch\\\/wp-content\\\/uploads\\\/kl_Martin-Mueller-20210224-Portrait_quad.jpg\",\"contentUrl\":\"https:\\\/\\\/www.avenirgroup.ch\\\/wp-content\\\/uploads\\\/kl_Martin-Mueller-20210224-Portrait_quad.jpg\",\"width\":1200,\"height\":1200},{\"@type\":\"BreadcrumbList\",\"@id\":\"https:\\\/\\\/www.avenirgroup.ch\\\/fr\\\/team\\\/martin-mueller\\\/#breadcrumb\",\"itemListElement\":[{\"@type\":\"ListItem\",\"position\":1,\"name\":\"Home\",\"item\":\"https:\\\/\\\/www.avenirgroup.ch\\\/fr\\\/\"},{\"@type\":\"ListItem\",\"position\":2,\"name\":\"Martin M\u00fcller\"}]},{\"@type\":\"WebSite\",\"@id\":\"https:\\\/\\\/www.avenirgroup.ch\\\/fr\\\/#website\",\"url\":\"https:\\\/\\\/www.avenirgroup.ch\\\/fr\\\/\",\"name\":\"Avenir Group\",\"description\":\"Nous promouvons ensemble les personnes et les organisations.\",\"publisher\":{\"@id\":\"https:\\\/\\\/www.avenirgroup.ch\\\/fr\\\/#organization\"},\"potentialAction\":[{\"@type\":\"SearchAction\",\"target\":{\"@type\":\"EntryPoint\",\"urlTemplate\":\"https:\\\/\\\/www.avenirgroup.ch\\\/fr\\\/?s={search_term_string}\"},\"query-input\":{\"@type\":\"PropertyValueSpecification\",\"valueRequired\":true,\"valueName\":\"search_term_string\"}}],\"inLanguage\":\"fr-FR\"},{\"@type\":\"Organization\",\"@id\":\"https:\\\/\\\/www.avenirgroup.ch\\\/fr\\\/#organization\",\"name\":\"Avenir Group\",\"url\":\"https:\\\/\\\/www.avenirgroup.ch\\\/fr\\\/\",\"logo\":{\"@type\":\"ImageObject\",\"inLanguage\":\"fr-FR\",\"@id\":\"https:\\\/\\\/www.avenirgroup.ch\\\/fr\\\/#\\\/schema\\\/logo\\\/image\\\/\",\"url\":\"https:\\\/\\\/www.avenirgroup.ch\\\/wp-content\\\/uploads\\\/avenir.png\",\"contentUrl\":\"https:\\\/\\\/www.avenirgroup.ch\\\/wp-content\\\/uploads\\\/avenir.png\",\"width\":500,\"height\":191,\"caption\":\"Avenir Group\"},\"image\":{\"@id\":\"https:\\\/\\\/www.avenirgroup.ch\\\/fr\\\/#\\\/schema\\\/logo\\\/image\\\/\"},\"sameAs\":[\"https:\\\/\\\/www.facebook.com\\\/avenirgroup\",\"https:\\\/\\\/x.com\\\/avenirgroup\",\"https:\\\/\\\/www.linkedin.com\\\/company\\\/avenirgroup\",\"https:\\\/\\\/www.youtube.com\\\/channel\\\/UCSsjNOO3GSDq1LChWFv1GBQ\"]}]}<\/script>\n<!-- \/ Yoast SEO Premium plugin. -->","yoast_head_json":{"title":"Martin M\u00fcller &#8211; Avenir Group","robots":{"index":"index","follow":"follow","max-snippet":"max-snippet:-1","max-image-preview":"max-image-preview:large","max-video-preview":"max-video-preview:-1"},"canonical":"https:\/\/www.avenirgroup.ch\/fr\/team\/martin-mueller\/","og_locale":"fr_FR","og_type":"article","og_title":"Martin M\u00fcller","og_description":"D\u00e8s ses \u00e9tudes de droit, Martin s\u2019est passionn\u00e9 pour la digitalisation et les mod\u00e8les d\u2019affaires innovants, et a men\u00e9 avec succ\u00e8s plusieurs projets en","og_url":"https:\/\/www.avenirgroup.ch\/fr\/team\/martin-mueller\/","og_site_name":"Avenir Group","article_publisher":"https:\/\/www.facebook.com\/avenirgroup","article_modified_time":"2025-10-06T10:19:58+00:00","og_image":[{"width":1200,"height":1200,"url":"https:\/\/www.avenirgroup.ch\/wp-content\/uploads\/kl_Martin-Mueller-20210224-Portrait_quad.jpg","type":"image\/jpeg"}],"twitter_card":"summary_large_image","twitter_site":"@avenirgroup","twitter_misc":{"Dur\u00e9e de lecture estim\u00e9e":"1 minute"},"schema":{"@context":"https:\/\/schema.org","@graph":[{"@type":"WebPage","@id":"https:\/\/www.avenirgroup.ch\/fr\/team\/martin-mueller\/","url":"https:\/\/www.avenirgroup.ch\/fr\/team\/martin-mueller\/","name":"Martin M\u00fcller &#8211; Avenir Group","isPartOf":{"@id":"https:\/\/www.avenirgroup.ch\/fr\/#website"},"primaryImageOfPage":{"@id":"https:\/\/www.avenirgroup.ch\/fr\/team\/martin-mueller\/#primaryimage"},"image":{"@id":"https:\/\/www.avenirgroup.ch\/fr\/team\/martin-mueller\/#primaryimage"},"thumbnailUrl":"https:\/\/www.avenirgroup.ch\/wp-content\/uploads\/kl_Martin-Mueller-20210224-Portrait_quad.jpg","datePublished":"2021-03-22T10:01:53+00:00","dateModified":"2025-10-06T10:19:58+00:00","breadcrumb":{"@id":"https:\/\/www.avenirgroup.ch\/fr\/team\/martin-mueller\/#breadcrumb"},"inLanguage":"fr-FR","potentialAction":[{"@type":"ReadAction","target":["https:\/\/www.avenirgroup.ch\/fr\/team\/martin-mueller\/"]}]},{"@type":"ImageObject","inLanguage":"fr-FR","@id":"https:\/\/www.avenirgroup.ch\/fr\/team\/martin-mueller\/#primaryimage","url":"https:\/\/www.avenirgroup.ch\/wp-content\/uploads\/kl_Martin-Mueller-20210224-Portrait_quad.jpg","contentUrl":"https:\/\/www.avenirgroup.ch\/wp-content\/uploads\/kl_Martin-Mueller-20210224-Portrait_quad.jpg","width":1200,"height":1200},{"@type":"BreadcrumbList","@id":"https:\/\/www.avenirgroup.ch\/fr\/team\/martin-mueller\/#breadcrumb","itemListElement":[{"@type":"ListItem","position":1,"name":"Home","item":"https:\/\/www.avenirgroup.ch\/fr\/"},{"@type":"ListItem","position":2,"name":"Martin M\u00fcller"}]},{"@type":"WebSite","@id":"https:\/\/www.avenirgroup.ch\/fr\/#website","url":"https:\/\/www.avenirgroup.ch\/fr\/","name":"Avenir Group","description":"Nous promouvons ensemble les personnes et les organisations.","publisher":{"@id":"https:\/\/www.avenirgroup.ch\/fr\/#organization"},"potentialAction":[{"@type":"SearchAction","target":{"@type":"EntryPoint","urlTemplate":"https:\/\/www.avenirgroup.ch\/fr\/?s={search_term_string}"},"query-input":{"@type":"PropertyValueSpecification","valueRequired":true,"valueName":"search_term_string"}}],"inLanguage":"fr-FR"},{"@type":"Organization","@id":"https:\/\/www.avenirgroup.ch\/fr\/#organization","name":"Avenir Group","url":"https:\/\/www.avenirgroup.ch\/fr\/","logo":{"@type":"ImageObject","inLanguage":"fr-FR","@id":"https:\/\/www.avenirgroup.ch\/fr\/#\/schema\/logo\/image\/","url":"https:\/\/www.avenirgroup.ch\/wp-content\/uploads\/avenir.png","contentUrl":"https:\/\/www.avenirgroup.ch\/wp-content\/uploads\/avenir.png","width":500,"height":191,"caption":"Avenir Group"},"image":{"@id":"https:\/\/www.avenirgroup.ch\/fr\/#\/schema\/logo\/image\/"},"sameAs":["https:\/\/www.facebook.com\/avenirgroup","https:\/\/x.com\/avenirgroup","https:\/\/www.linkedin.com\/company\/avenirgroup","https:\/\/www.youtube.com\/channel\/UCSsjNOO3GSDq1LChWFv1GBQ"]}]}},"_links":{"self":[{"href":"https:\/\/www.avenirgroup.ch\/fr\/wp-json\/wp\/v2\/team\/12160","targetHints":{"allow":["GET"]}}],"collection":[{"href":"https:\/\/www.avenirgroup.ch\/fr\/wp-json\/wp\/v2\/team"}],"about":[{"href":"https:\/\/www.avenirgroup.ch\/fr\/wp-json\/wp\/v2\/types\/team"}],"version-history":[{"count":1,"href":"https:\/\/www.avenirgroup.ch\/fr\/wp-json\/wp\/v2\/team\/12160\/revisions"}],"predecessor-version":[{"id":12161,"href":"https:\/\/www.avenirgroup.ch\/fr\/wp-json\/wp\/v2\/team\/12160\/revisions\/12161"}],"wp:featuredmedia":[{"embeddable":true,"href":"https:\/\/www.avenirgroup.ch\/fr\/wp-json\/wp\/v2\/media\/7097"}],"wp:attachment":[{"href":"https:\/\/www.avenirgroup.ch\/fr\/wp-json\/wp\/v2\/media?parent=12160"}],"curies":[{"name":"wp","href":"https:\/\/api.w.org\/{rel}","templated":true}]}}