{"id":12126,"date":"2023-05-30T10:13:20","date_gmt":"2023-05-30T08:13:20","guid":{"rendered":"https:\/\/www.avenirgroup.ch\/?post_type=team&#038;p=12126"},"modified":"2025-10-06T11:07:44","modified_gmt":"2025-10-06T09:07:44","slug":"silvia-krienbuehl","status":"publish","type":"team","link":"https:\/\/www.avenirgroup.ch\/fr\/team\/silvia-krienbuehl\/","title":{"rendered":"Silvia Krienb\u00fchl"},"content":{"rendered":"<p>Silvia poss\u00e8de une longue exp\u00e9rience dans le domaine des ressources humaines. Au fil des ann\u00e9es, elle a d\u00e9velopp\u00e9 un large \u00e9ventail de comp\u00e9tences, notamment dans le conseil aux collaborateurs et aux cadres, le recrutement et la formation professionnelle, et ce dans diff\u00e9rents types d\u2019entreprises et secteurs.<\/p>\n<p>Chez Avenir, elle soutient nos clients en tant que sp\u00e9cialististe RH ad interim dans diverses fonctions. Pour elle, pouvoir adopter de nouvelles perspectives, d\u00e9couvrir de nouvelles personnes et entreprises repr\u00e9sente \u00e0 la fois un d\u00e9fi stimulant et une source d\u2019apprentissage pr\u00e9cieuse.<\/p>\n<p>Pour se d\u00e9tendre et se ressourcer en dehors du travail, Silvia pratique le Pilates et le yoga, profite de la nature et savoure les moments conviviaux avec sa famille et ses amis autour d\u2019un bon repas et d\u2019un verre de vin.<\/p>\n","protected":false},"featured_media":10586,"template":"","class_list":["post-12126","team","type-team","status-publish","has-post-thumbnail","hentry","sprache-allemand-fr","sprache-anglais-fr","sprache-francais-fr"],"acf":[],"yoast_head":"<!-- This site is optimized with the Yoast SEO Premium plugin v27.3 (Yoast SEO v27.3) - https:\/\/yoast.com\/product\/yoast-seo-premium-wordpress\/ -->\n<title>Silvia Krienb\u00fchl &#8211; Avenir Group<\/title>\n<meta name=\"robots\" content=\"index, follow, max-snippet:-1, max-image-preview:large, max-video-preview:-1\" \/>\n<link rel=\"canonical\" href=\"https:\/\/www.avenirgroup.ch\/fr\/team\/silvia-krienbuehl\/\" \/>\n<meta property=\"og:locale\" content=\"fr_FR\" \/>\n<meta property=\"og:type\" content=\"article\" \/>\n<meta property=\"og:title\" content=\"Silvia Krienb\u00fchl\" \/>\n<meta property=\"og:description\" content=\"Silvia poss\u00e8de une longue exp\u00e9rience dans le domaine des ressources humaines. Au fil des ann\u00e9es, elle a d\u00e9velopp\u00e9 un large \u00e9ventail de comp\u00e9tences,\" \/>\n<meta property=\"og:url\" content=\"https:\/\/www.avenirgroup.ch\/fr\/team\/silvia-krienbuehl\/\" \/>\n<meta property=\"og:site_name\" content=\"Avenir Group\" \/>\n<meta property=\"article:publisher\" content=\"https:\/\/www.facebook.com\/avenirgroup\" \/>\n<meta property=\"article:modified_time\" content=\"2025-10-06T09:07:44+00:00\" \/>\n<meta property=\"og:image\" content=\"https:\/\/www.avenirgroup.ch\/wp-content\/uploads\/Krienbuehl-Silvia-Quadrat-Web.jpg\" \/>\n\t<meta property=\"og:image:width\" content=\"1500\" \/>\n\t<meta property=\"og:image:height\" content=\"1500\" \/>\n\t<meta property=\"og:image:type\" content=\"image\/jpeg\" \/>\n<meta name=\"twitter:card\" content=\"summary_large_image\" \/>\n<meta name=\"twitter:site\" content=\"@avenirgroup\" \/>\n<meta name=\"twitter:label1\" content=\"Dur\u00e9e de lecture estim\u00e9e\" \/>\n\t<meta name=\"twitter:data1\" content=\"1 minute\" \/>\n<script type=\"application\/ld+json\" class=\"yoast-schema-graph\">{\"@context\":\"https:\\\/\\\/schema.org\",\"@graph\":[{\"@type\":\"WebPage\",\"@id\":\"https:\\\/\\\/www.avenirgroup.ch\\\/fr\\\/team\\\/silvia-krienbuehl\\\/\",\"url\":\"https:\\\/\\\/www.avenirgroup.ch\\\/fr\\\/team\\\/silvia-krienbuehl\\\/\",\"name\":\"Silvia Krienb\u00fchl &#8211; Avenir Group\",\"isPartOf\":{\"@id\":\"https:\\\/\\\/www.avenirgroup.ch\\\/fr\\\/#website\"},\"primaryImageOfPage\":{\"@id\":\"https:\\\/\\\/www.avenirgroup.ch\\\/fr\\\/team\\\/silvia-krienbuehl\\\/#primaryimage\"},\"image\":{\"@id\":\"https:\\\/\\\/www.avenirgroup.ch\\\/fr\\\/team\\\/silvia-krienbuehl\\\/#primaryimage\"},\"thumbnailUrl\":\"https:\\\/\\\/www.avenirgroup.ch\\\/wp-content\\\/uploads\\\/Krienbuehl-Silvia-Quadrat-Web.jpg\",\"datePublished\":\"2023-05-30T08:13:20+00:00\",\"dateModified\":\"2025-10-06T09:07:44+00:00\",\"breadcrumb\":{\"@id\":\"https:\\\/\\\/www.avenirgroup.ch\\\/fr\\\/team\\\/silvia-krienbuehl\\\/#breadcrumb\"},\"inLanguage\":\"fr-FR\",\"potentialAction\":[{\"@type\":\"ReadAction\",\"target\":[\"https:\\\/\\\/www.avenirgroup.ch\\\/fr\\\/team\\\/silvia-krienbuehl\\\/\"]}]},{\"@type\":\"ImageObject\",\"inLanguage\":\"fr-FR\",\"@id\":\"https:\\\/\\\/www.avenirgroup.ch\\\/fr\\\/team\\\/silvia-krienbuehl\\\/#primaryimage\",\"url\":\"https:\\\/\\\/www.avenirgroup.ch\\\/wp-content\\\/uploads\\\/Krienbuehl-Silvia-Quadrat-Web.jpg\",\"contentUrl\":\"https:\\\/\\\/www.avenirgroup.ch\\\/wp-content\\\/uploads\\\/Krienbuehl-Silvia-Quadrat-Web.jpg\",\"width\":1500,\"height\":1500},{\"@type\":\"BreadcrumbList\",\"@id\":\"https:\\\/\\\/www.avenirgroup.ch\\\/fr\\\/team\\\/silvia-krienbuehl\\\/#breadcrumb\",\"itemListElement\":[{\"@type\":\"ListItem\",\"position\":1,\"name\":\"Home\",\"item\":\"https:\\\/\\\/www.avenirgroup.ch\\\/fr\\\/\"},{\"@type\":\"ListItem\",\"position\":2,\"name\":\"Silvia Krienb\u00fchl\"}]},{\"@type\":\"WebSite\",\"@id\":\"https:\\\/\\\/www.avenirgroup.ch\\\/fr\\\/#website\",\"url\":\"https:\\\/\\\/www.avenirgroup.ch\\\/fr\\\/\",\"name\":\"Avenir Group\",\"description\":\"Nous promouvons ensemble les personnes et les organisations.\",\"publisher\":{\"@id\":\"https:\\\/\\\/www.avenirgroup.ch\\\/fr\\\/#organization\"},\"potentialAction\":[{\"@type\":\"SearchAction\",\"target\":{\"@type\":\"EntryPoint\",\"urlTemplate\":\"https:\\\/\\\/www.avenirgroup.ch\\\/fr\\\/?s={search_term_string}\"},\"query-input\":{\"@type\":\"PropertyValueSpecification\",\"valueRequired\":true,\"valueName\":\"search_term_string\"}}],\"inLanguage\":\"fr-FR\"},{\"@type\":\"Organization\",\"@id\":\"https:\\\/\\\/www.avenirgroup.ch\\\/fr\\\/#organization\",\"name\":\"Avenir Group\",\"url\":\"https:\\\/\\\/www.avenirgroup.ch\\\/fr\\\/\",\"logo\":{\"@type\":\"ImageObject\",\"inLanguage\":\"fr-FR\",\"@id\":\"https:\\\/\\\/www.avenirgroup.ch\\\/fr\\\/#\\\/schema\\\/logo\\\/image\\\/\",\"url\":\"https:\\\/\\\/www.avenirgroup.ch\\\/wp-content\\\/uploads\\\/avenir.png\",\"contentUrl\":\"https:\\\/\\\/www.avenirgroup.ch\\\/wp-content\\\/uploads\\\/avenir.png\",\"width\":500,\"height\":191,\"caption\":\"Avenir Group\"},\"image\":{\"@id\":\"https:\\\/\\\/www.avenirgroup.ch\\\/fr\\\/#\\\/schema\\\/logo\\\/image\\\/\"},\"sameAs\":[\"https:\\\/\\\/www.facebook.com\\\/avenirgroup\",\"https:\\\/\\\/x.com\\\/avenirgroup\",\"https:\\\/\\\/www.linkedin.com\\\/company\\\/avenirgroup\",\"https:\\\/\\\/www.youtube.com\\\/channel\\\/UCSsjNOO3GSDq1LChWFv1GBQ\"]}]}<\/script>\n<!-- \/ Yoast SEO Premium plugin. -->","yoast_head_json":{"title":"Silvia Krienb\u00fchl &#8211; Avenir Group","robots":{"index":"index","follow":"follow","max-snippet":"max-snippet:-1","max-image-preview":"max-image-preview:large","max-video-preview":"max-video-preview:-1"},"canonical":"https:\/\/www.avenirgroup.ch\/fr\/team\/silvia-krienbuehl\/","og_locale":"fr_FR","og_type":"article","og_title":"Silvia Krienb\u00fchl","og_description":"Silvia poss\u00e8de une longue exp\u00e9rience dans le domaine des ressources humaines. Au fil des ann\u00e9es, elle a d\u00e9velopp\u00e9 un large \u00e9ventail de comp\u00e9tences,","og_url":"https:\/\/www.avenirgroup.ch\/fr\/team\/silvia-krienbuehl\/","og_site_name":"Avenir Group","article_publisher":"https:\/\/www.facebook.com\/avenirgroup","article_modified_time":"2025-10-06T09:07:44+00:00","og_image":[{"width":1500,"height":1500,"url":"https:\/\/www.avenirgroup.ch\/wp-content\/uploads\/Krienbuehl-Silvia-Quadrat-Web.jpg","type":"image\/jpeg"}],"twitter_card":"summary_large_image","twitter_site":"@avenirgroup","twitter_misc":{"Dur\u00e9e de lecture estim\u00e9e":"1 minute"},"schema":{"@context":"https:\/\/schema.org","@graph":[{"@type":"WebPage","@id":"https:\/\/www.avenirgroup.ch\/fr\/team\/silvia-krienbuehl\/","url":"https:\/\/www.avenirgroup.ch\/fr\/team\/silvia-krienbuehl\/","name":"Silvia Krienb\u00fchl &#8211; Avenir Group","isPartOf":{"@id":"https:\/\/www.avenirgroup.ch\/fr\/#website"},"primaryImageOfPage":{"@id":"https:\/\/www.avenirgroup.ch\/fr\/team\/silvia-krienbuehl\/#primaryimage"},"image":{"@id":"https:\/\/www.avenirgroup.ch\/fr\/team\/silvia-krienbuehl\/#primaryimage"},"thumbnailUrl":"https:\/\/www.avenirgroup.ch\/wp-content\/uploads\/Krienbuehl-Silvia-Quadrat-Web.jpg","datePublished":"2023-05-30T08:13:20+00:00","dateModified":"2025-10-06T09:07:44+00:00","breadcrumb":{"@id":"https:\/\/www.avenirgroup.ch\/fr\/team\/silvia-krienbuehl\/#breadcrumb"},"inLanguage":"fr-FR","potentialAction":[{"@type":"ReadAction","target":["https:\/\/www.avenirgroup.ch\/fr\/team\/silvia-krienbuehl\/"]}]},{"@type":"ImageObject","inLanguage":"fr-FR","@id":"https:\/\/www.avenirgroup.ch\/fr\/team\/silvia-krienbuehl\/#primaryimage","url":"https:\/\/www.avenirgroup.ch\/wp-content\/uploads\/Krienbuehl-Silvia-Quadrat-Web.jpg","contentUrl":"https:\/\/www.avenirgroup.ch\/wp-content\/uploads\/Krienbuehl-Silvia-Quadrat-Web.jpg","width":1500,"height":1500},{"@type":"BreadcrumbList","@id":"https:\/\/www.avenirgroup.ch\/fr\/team\/silvia-krienbuehl\/#breadcrumb","itemListElement":[{"@type":"ListItem","position":1,"name":"Home","item":"https:\/\/www.avenirgroup.ch\/fr\/"},{"@type":"ListItem","position":2,"name":"Silvia Krienb\u00fchl"}]},{"@type":"WebSite","@id":"https:\/\/www.avenirgroup.ch\/fr\/#website","url":"https:\/\/www.avenirgroup.ch\/fr\/","name":"Avenir Group","description":"Nous promouvons ensemble les personnes et les organisations.","publisher":{"@id":"https:\/\/www.avenirgroup.ch\/fr\/#organization"},"potentialAction":[{"@type":"SearchAction","target":{"@type":"EntryPoint","urlTemplate":"https:\/\/www.avenirgroup.ch\/fr\/?s={search_term_string}"},"query-input":{"@type":"PropertyValueSpecification","valueRequired":true,"valueName":"search_term_string"}}],"inLanguage":"fr-FR"},{"@type":"Organization","@id":"https:\/\/www.avenirgroup.ch\/fr\/#organization","name":"Avenir Group","url":"https:\/\/www.avenirgroup.ch\/fr\/","logo":{"@type":"ImageObject","inLanguage":"fr-FR","@id":"https:\/\/www.avenirgroup.ch\/fr\/#\/schema\/logo\/image\/","url":"https:\/\/www.avenirgroup.ch\/wp-content\/uploads\/avenir.png","contentUrl":"https:\/\/www.avenirgroup.ch\/wp-content\/uploads\/avenir.png","width":500,"height":191,"caption":"Avenir Group"},"image":{"@id":"https:\/\/www.avenirgroup.ch\/fr\/#\/schema\/logo\/image\/"},"sameAs":["https:\/\/www.facebook.com\/avenirgroup","https:\/\/x.com\/avenirgroup","https:\/\/www.linkedin.com\/company\/avenirgroup","https:\/\/www.youtube.com\/channel\/UCSsjNOO3GSDq1LChWFv1GBQ"]}]}},"_links":{"self":[{"href":"https:\/\/www.avenirgroup.ch\/fr\/wp-json\/wp\/v2\/team\/12126","targetHints":{"allow":["GET"]}}],"collection":[{"href":"https:\/\/www.avenirgroup.ch\/fr\/wp-json\/wp\/v2\/team"}],"about":[{"href":"https:\/\/www.avenirgroup.ch\/fr\/wp-json\/wp\/v2\/types\/team"}],"version-history":[{"count":1,"href":"https:\/\/www.avenirgroup.ch\/fr\/wp-json\/wp\/v2\/team\/12126\/revisions"}],"predecessor-version":[{"id":12127,"href":"https:\/\/www.avenirgroup.ch\/fr\/wp-json\/wp\/v2\/team\/12126\/revisions\/12127"}],"wp:featuredmedia":[{"embeddable":true,"href":"https:\/\/www.avenirgroup.ch\/fr\/wp-json\/wp\/v2\/media\/10586"}],"wp:attachment":[{"href":"https:\/\/www.avenirgroup.ch\/fr\/wp-json\/wp\/v2\/media?parent=12126"}],"curies":[{"name":"wp","href":"https:\/\/api.w.org\/{rel}","templated":true}]}}