{"id":11828,"date":"2022-04-06T18:49:17","date_gmt":"2022-04-06T16:49:17","guid":{"rendered":"https:\/\/www.avenirgroup.ch\/?post_type=team&#038;p=11828"},"modified":"2025-10-01T08:27:36","modified_gmt":"2025-10-01T06:27:36","slug":"cathrin-brunschwiler","status":"publish","type":"team","link":"https:\/\/www.avenirgroup.ch\/fr\/team\/cathrin-brunschwiler\/","title":{"rendered":"Cathrin Brunschwiler"},"content":{"rendered":"<p>Cathrin a acquis plus de 20 ans d\u2019exp\u00e9rience dans diverses fonctions RH, avec un focus sur le conseil professionnel aux cadres dans tous les domaines li\u00e9s aux ressources humaines. Parall\u00e8lement \u00e0 sa carri\u00e8re, elle a suivi une formation continue pour devenir sp\u00e9cialiste RH dipl\u00f4m\u00e9e f\u00e9d\u00e9rale et a obtenu un DAS en psychologie du personnel.<\/p>\n<p>Chez Avenir, elle est responsable de diff\u00e9rentes activit\u00e9s li\u00e9es aux professionnels RH temporaires. Son objectif est de collaborer avec les clients pour trouver des solutions adapt\u00e9es, flexibles et rapides, tout en explorant de nouvelles approches innovantes.<\/p>\n<p>Pendant son temps libre, Cathrin aime d\u00e9couvrir de nouveaux horizons lors de ses voyages et appr\u00e9cie les conversations passionnantes autour d\u2019un bon repas et d\u2019un excellent vin.<\/p>\n","protected":false},"featured_media":8891,"template":"","class_list":["post-11828","team","type-team","status-publish","has-post-thumbnail","hentry","sprache-allemand-fr","sprache-anglais-fr"],"acf":[],"yoast_head":"<!-- This site is optimized with the Yoast SEO Premium plugin v27.3 (Yoast SEO v27.3) - https:\/\/yoast.com\/product\/yoast-seo-premium-wordpress\/ -->\n<title>Cathrin Brunschwiler &#8211; Avenir Group<\/title>\n<meta name=\"robots\" content=\"index, follow, max-snippet:-1, max-image-preview:large, max-video-preview:-1\" \/>\n<link rel=\"canonical\" href=\"https:\/\/www.avenirgroup.ch\/fr\/team\/cathrin-brunschwiler\/\" \/>\n<meta property=\"og:locale\" content=\"fr_FR\" \/>\n<meta property=\"og:type\" content=\"article\" \/>\n<meta property=\"og:title\" content=\"Cathrin Brunschwiler\" \/>\n<meta property=\"og:description\" content=\"Cathrin a acquis plus de 20 ans d\u2019exp\u00e9rience dans diverses fonctions RH, avec un focus sur le conseil professionnel aux cadres dans tous les domaines li\u00e9s\" \/>\n<meta property=\"og:url\" content=\"https:\/\/www.avenirgroup.ch\/fr\/team\/cathrin-brunschwiler\/\" \/>\n<meta property=\"og:site_name\" content=\"Avenir Group\" \/>\n<meta property=\"article:publisher\" content=\"https:\/\/www.facebook.com\/avenirgroup\" \/>\n<meta property=\"article:modified_time\" content=\"2025-10-01T06:27:36+00:00\" \/>\n<meta property=\"og:image\" content=\"https:\/\/www.avenirgroup.ch\/wp-content\/uploads\/01-Cathrin-Brunschwiler-030-29.09.2022-RD.jpg\" \/>\n\t<meta property=\"og:image:width\" content=\"2500\" \/>\n\t<meta property=\"og:image:height\" content=\"2500\" \/>\n\t<meta property=\"og:image:type\" content=\"image\/jpeg\" \/>\n<meta name=\"twitter:card\" content=\"summary_large_image\" \/>\n<meta name=\"twitter:site\" content=\"@avenirgroup\" \/>\n<meta name=\"twitter:label1\" content=\"Dur\u00e9e de lecture estim\u00e9e\" \/>\n\t<meta name=\"twitter:data1\" content=\"1 minute\" \/>\n<script type=\"application\/ld+json\" class=\"yoast-schema-graph\">{\"@context\":\"https:\\\/\\\/schema.org\",\"@graph\":[{\"@type\":\"WebPage\",\"@id\":\"https:\\\/\\\/www.avenirgroup.ch\\\/fr\\\/team\\\/cathrin-brunschwiler\\\/\",\"url\":\"https:\\\/\\\/www.avenirgroup.ch\\\/fr\\\/team\\\/cathrin-brunschwiler\\\/\",\"name\":\"Cathrin Brunschwiler &#8211; Avenir Group\",\"isPartOf\":{\"@id\":\"https:\\\/\\\/www.avenirgroup.ch\\\/fr\\\/#website\"},\"primaryImageOfPage\":{\"@id\":\"https:\\\/\\\/www.avenirgroup.ch\\\/fr\\\/team\\\/cathrin-brunschwiler\\\/#primaryimage\"},\"image\":{\"@id\":\"https:\\\/\\\/www.avenirgroup.ch\\\/fr\\\/team\\\/cathrin-brunschwiler\\\/#primaryimage\"},\"thumbnailUrl\":\"https:\\\/\\\/www.avenirgroup.ch\\\/wp-content\\\/uploads\\\/01-Cathrin-Brunschwiler-030-29.09.2022-RD.jpg\",\"datePublished\":\"2022-04-06T16:49:17+00:00\",\"dateModified\":\"2025-10-01T06:27:36+00:00\",\"breadcrumb\":{\"@id\":\"https:\\\/\\\/www.avenirgroup.ch\\\/fr\\\/team\\\/cathrin-brunschwiler\\\/#breadcrumb\"},\"inLanguage\":\"fr-FR\",\"potentialAction\":[{\"@type\":\"ReadAction\",\"target\":[\"https:\\\/\\\/www.avenirgroup.ch\\\/fr\\\/team\\\/cathrin-brunschwiler\\\/\"]}]},{\"@type\":\"ImageObject\",\"inLanguage\":\"fr-FR\",\"@id\":\"https:\\\/\\\/www.avenirgroup.ch\\\/fr\\\/team\\\/cathrin-brunschwiler\\\/#primaryimage\",\"url\":\"https:\\\/\\\/www.avenirgroup.ch\\\/wp-content\\\/uploads\\\/01-Cathrin-Brunschwiler-030-29.09.2022-RD.jpg\",\"contentUrl\":\"https:\\\/\\\/www.avenirgroup.ch\\\/wp-content\\\/uploads\\\/01-Cathrin-Brunschwiler-030-29.09.2022-RD.jpg\",\"width\":2500,\"height\":2500},{\"@type\":\"BreadcrumbList\",\"@id\":\"https:\\\/\\\/www.avenirgroup.ch\\\/fr\\\/team\\\/cathrin-brunschwiler\\\/#breadcrumb\",\"itemListElement\":[{\"@type\":\"ListItem\",\"position\":1,\"name\":\"Home\",\"item\":\"https:\\\/\\\/www.avenirgroup.ch\\\/fr\\\/\"},{\"@type\":\"ListItem\",\"position\":2,\"name\":\"Cathrin Brunschwiler\"}]},{\"@type\":\"WebSite\",\"@id\":\"https:\\\/\\\/www.avenirgroup.ch\\\/fr\\\/#website\",\"url\":\"https:\\\/\\\/www.avenirgroup.ch\\\/fr\\\/\",\"name\":\"Avenir Group\",\"description\":\"Nous promouvons ensemble les personnes et les organisations.\",\"publisher\":{\"@id\":\"https:\\\/\\\/www.avenirgroup.ch\\\/fr\\\/#organization\"},\"potentialAction\":[{\"@type\":\"SearchAction\",\"target\":{\"@type\":\"EntryPoint\",\"urlTemplate\":\"https:\\\/\\\/www.avenirgroup.ch\\\/fr\\\/?s={search_term_string}\"},\"query-input\":{\"@type\":\"PropertyValueSpecification\",\"valueRequired\":true,\"valueName\":\"search_term_string\"}}],\"inLanguage\":\"fr-FR\"},{\"@type\":\"Organization\",\"@id\":\"https:\\\/\\\/www.avenirgroup.ch\\\/fr\\\/#organization\",\"name\":\"Avenir Group\",\"url\":\"https:\\\/\\\/www.avenirgroup.ch\\\/fr\\\/\",\"logo\":{\"@type\":\"ImageObject\",\"inLanguage\":\"fr-FR\",\"@id\":\"https:\\\/\\\/www.avenirgroup.ch\\\/fr\\\/#\\\/schema\\\/logo\\\/image\\\/\",\"url\":\"https:\\\/\\\/www.avenirgroup.ch\\\/wp-content\\\/uploads\\\/avenir.png\",\"contentUrl\":\"https:\\\/\\\/www.avenirgroup.ch\\\/wp-content\\\/uploads\\\/avenir.png\",\"width\":500,\"height\":191,\"caption\":\"Avenir Group\"},\"image\":{\"@id\":\"https:\\\/\\\/www.avenirgroup.ch\\\/fr\\\/#\\\/schema\\\/logo\\\/image\\\/\"},\"sameAs\":[\"https:\\\/\\\/www.facebook.com\\\/avenirgroup\",\"https:\\\/\\\/x.com\\\/avenirgroup\",\"https:\\\/\\\/www.linkedin.com\\\/company\\\/avenirgroup\",\"https:\\\/\\\/www.youtube.com\\\/channel\\\/UCSsjNOO3GSDq1LChWFv1GBQ\"]}]}<\/script>\n<!-- \/ Yoast SEO Premium plugin. -->","yoast_head_json":{"title":"Cathrin Brunschwiler &#8211; Avenir Group","robots":{"index":"index","follow":"follow","max-snippet":"max-snippet:-1","max-image-preview":"max-image-preview:large","max-video-preview":"max-video-preview:-1"},"canonical":"https:\/\/www.avenirgroup.ch\/fr\/team\/cathrin-brunschwiler\/","og_locale":"fr_FR","og_type":"article","og_title":"Cathrin Brunschwiler","og_description":"Cathrin a acquis plus de 20 ans d\u2019exp\u00e9rience dans diverses fonctions RH, avec un focus sur le conseil professionnel aux cadres dans tous les domaines li\u00e9s","og_url":"https:\/\/www.avenirgroup.ch\/fr\/team\/cathrin-brunschwiler\/","og_site_name":"Avenir Group","article_publisher":"https:\/\/www.facebook.com\/avenirgroup","article_modified_time":"2025-10-01T06:27:36+00:00","og_image":[{"width":2500,"height":2500,"url":"https:\/\/www.avenirgroup.ch\/wp-content\/uploads\/01-Cathrin-Brunschwiler-030-29.09.2022-RD.jpg","type":"image\/jpeg"}],"twitter_card":"summary_large_image","twitter_site":"@avenirgroup","twitter_misc":{"Dur\u00e9e de lecture estim\u00e9e":"1 minute"},"schema":{"@context":"https:\/\/schema.org","@graph":[{"@type":"WebPage","@id":"https:\/\/www.avenirgroup.ch\/fr\/team\/cathrin-brunschwiler\/","url":"https:\/\/www.avenirgroup.ch\/fr\/team\/cathrin-brunschwiler\/","name":"Cathrin Brunschwiler &#8211; Avenir Group","isPartOf":{"@id":"https:\/\/www.avenirgroup.ch\/fr\/#website"},"primaryImageOfPage":{"@id":"https:\/\/www.avenirgroup.ch\/fr\/team\/cathrin-brunschwiler\/#primaryimage"},"image":{"@id":"https:\/\/www.avenirgroup.ch\/fr\/team\/cathrin-brunschwiler\/#primaryimage"},"thumbnailUrl":"https:\/\/www.avenirgroup.ch\/wp-content\/uploads\/01-Cathrin-Brunschwiler-030-29.09.2022-RD.jpg","datePublished":"2022-04-06T16:49:17+00:00","dateModified":"2025-10-01T06:27:36+00:00","breadcrumb":{"@id":"https:\/\/www.avenirgroup.ch\/fr\/team\/cathrin-brunschwiler\/#breadcrumb"},"inLanguage":"fr-FR","potentialAction":[{"@type":"ReadAction","target":["https:\/\/www.avenirgroup.ch\/fr\/team\/cathrin-brunschwiler\/"]}]},{"@type":"ImageObject","inLanguage":"fr-FR","@id":"https:\/\/www.avenirgroup.ch\/fr\/team\/cathrin-brunschwiler\/#primaryimage","url":"https:\/\/www.avenirgroup.ch\/wp-content\/uploads\/01-Cathrin-Brunschwiler-030-29.09.2022-RD.jpg","contentUrl":"https:\/\/www.avenirgroup.ch\/wp-content\/uploads\/01-Cathrin-Brunschwiler-030-29.09.2022-RD.jpg","width":2500,"height":2500},{"@type":"BreadcrumbList","@id":"https:\/\/www.avenirgroup.ch\/fr\/team\/cathrin-brunschwiler\/#breadcrumb","itemListElement":[{"@type":"ListItem","position":1,"name":"Home","item":"https:\/\/www.avenirgroup.ch\/fr\/"},{"@type":"ListItem","position":2,"name":"Cathrin Brunschwiler"}]},{"@type":"WebSite","@id":"https:\/\/www.avenirgroup.ch\/fr\/#website","url":"https:\/\/www.avenirgroup.ch\/fr\/","name":"Avenir Group","description":"Nous promouvons ensemble les personnes et les organisations.","publisher":{"@id":"https:\/\/www.avenirgroup.ch\/fr\/#organization"},"potentialAction":[{"@type":"SearchAction","target":{"@type":"EntryPoint","urlTemplate":"https:\/\/www.avenirgroup.ch\/fr\/?s={search_term_string}"},"query-input":{"@type":"PropertyValueSpecification","valueRequired":true,"valueName":"search_term_string"}}],"inLanguage":"fr-FR"},{"@type":"Organization","@id":"https:\/\/www.avenirgroup.ch\/fr\/#organization","name":"Avenir Group","url":"https:\/\/www.avenirgroup.ch\/fr\/","logo":{"@type":"ImageObject","inLanguage":"fr-FR","@id":"https:\/\/www.avenirgroup.ch\/fr\/#\/schema\/logo\/image\/","url":"https:\/\/www.avenirgroup.ch\/wp-content\/uploads\/avenir.png","contentUrl":"https:\/\/www.avenirgroup.ch\/wp-content\/uploads\/avenir.png","width":500,"height":191,"caption":"Avenir Group"},"image":{"@id":"https:\/\/www.avenirgroup.ch\/fr\/#\/schema\/logo\/image\/"},"sameAs":["https:\/\/www.facebook.com\/avenirgroup","https:\/\/x.com\/avenirgroup","https:\/\/www.linkedin.com\/company\/avenirgroup","https:\/\/www.youtube.com\/channel\/UCSsjNOO3GSDq1LChWFv1GBQ"]}]}},"_links":{"self":[{"href":"https:\/\/www.avenirgroup.ch\/fr\/wp-json\/wp\/v2\/team\/11828","targetHints":{"allow":["GET"]}}],"collection":[{"href":"https:\/\/www.avenirgroup.ch\/fr\/wp-json\/wp\/v2\/team"}],"about":[{"href":"https:\/\/www.avenirgroup.ch\/fr\/wp-json\/wp\/v2\/types\/team"}],"version-history":[{"count":2,"href":"https:\/\/www.avenirgroup.ch\/fr\/wp-json\/wp\/v2\/team\/11828\/revisions"}],"predecessor-version":[{"id":11858,"href":"https:\/\/www.avenirgroup.ch\/fr\/wp-json\/wp\/v2\/team\/11828\/revisions\/11858"}],"wp:featuredmedia":[{"embeddable":true,"href":"https:\/\/www.avenirgroup.ch\/fr\/wp-json\/wp\/v2\/media\/8891"}],"wp:attachment":[{"href":"https:\/\/www.avenirgroup.ch\/fr\/wp-json\/wp\/v2\/media?parent=11828"}],"curies":[{"name":"wp","href":"https:\/\/api.w.org\/{rel}","templated":true}]}}