{"id":9040,"date":"2023-05-30T10:13:20","date_gmt":"2023-05-30T08:13:20","guid":{"rendered":"https:\/\/www.avenirgroup.ch\/?post_type=team&#038;p=9040"},"modified":"2025-03-13T15:32:29","modified_gmt":"2025-03-13T14:32:29","slug":"silvia-krienbuehl","status":"publish","type":"team","link":"https:\/\/www.avenirgroup.ch\/team\/silvia-krienbuehl\/","title":{"rendered":"Silvia Krienb\u00fchl"},"content":{"rendered":"<p>Silvia blickt auf eine langj\u00e4hrige T\u00e4tigkeit im Personalbereich zur\u00fcck. Ihre vielseitigen Erfahrungen hat sie sich im Laufe der Zeit mit Fokus auf die Beratung der Mitarbeitenden und F\u00fchrungskr\u00e4fte, Rekrutierung und Berufsbildung in unterschiedlichen Firmen und Branchen angeeignet.<\/p>\n<p>Bei Avenir unterst\u00fctzt sie unsere Kund:innen als ad Interim HR Spezialistin in verschiedenen Funktionen. Andere Perspektiven einnehmen zu d\u00fcrfen, sowie neue Menschen und Unternehmen kennenzulernen: das ist f\u00fcr sie herausfordernd und \u00e4usserst lehrreich.<\/p>\n<p>Als Ausgleich zum Berufsalltag erholt sich Silvia aktiv mit Pilates, Yoga, oder draussen in der Natur. Sie mag gesellige Momente mit Familie und Freunden: ein gem\u00fctliches Beisammensein mit feinem Essen und einem guten Glas Wein.<\/p>\n","protected":false},"featured_media":10586,"template":"","class_list":["post-9040","team","type-team","status-publish","has-post-thumbnail","hentry","sprache-de","sprache-en","sprache-fr"],"acf":[],"yoast_head":"<!-- This site is optimized with the Yoast SEO Premium plugin v27.3 (Yoast SEO v27.3) - https:\/\/yoast.com\/product\/yoast-seo-premium-wordpress\/ -->\n<title>Silvia Krienb\u00fchl &#8211; Avenir Group<\/title>\n<meta name=\"robots\" content=\"index, follow, max-snippet:-1, max-image-preview:large, max-video-preview:-1\" \/>\n<link rel=\"canonical\" href=\"https:\/\/www.avenirgroup.ch\/en\/team\/silvia-krienbuehl\/\" \/>\n<meta property=\"og:locale\" content=\"en_GB\" \/>\n<meta property=\"og:type\" content=\"article\" \/>\n<meta property=\"og:title\" content=\"Silvia Krienb\u00fchl\" \/>\n<meta property=\"og:description\" content=\"Silvia blickt auf eine langj\u00e4hrige T\u00e4tigkeit im Personalbereich zur\u00fcck. Ihre vielseitigen Erfahrungen hat sie sich im Laufe der Zeit mit Fokus auf die\" \/>\n<meta property=\"og:url\" content=\"https:\/\/www.avenirgroup.ch\/team\/silvia-krienbuehl\/\" \/>\n<meta property=\"og:site_name\" content=\"Avenir Group\" \/>\n<meta property=\"article:publisher\" content=\"https:\/\/www.facebook.com\/avenirgroup\" \/>\n<meta property=\"article:modified_time\" content=\"2025-03-13T14:32:29+00:00\" \/>\n<meta property=\"og:image\" content=\"https:\/\/www.avenirgroup.ch\/wp-content\/uploads\/Krienbuehl-Silvia-Quadrat-Web.jpg\" \/>\n\t<meta property=\"og:image:width\" content=\"1500\" \/>\n\t<meta property=\"og:image:height\" content=\"1500\" \/>\n\t<meta property=\"og:image:type\" content=\"image\/jpeg\" \/>\n<meta name=\"twitter:card\" content=\"summary_large_image\" \/>\n<meta name=\"twitter:site\" content=\"@avenirgroup\" \/>\n<meta name=\"twitter:label1\" content=\"Estimated reading time\" \/>\n\t<meta name=\"twitter:data1\" content=\"1 minute\" \/>\n<script type=\"application\/ld+json\" class=\"yoast-schema-graph\">{\"@context\":\"https:\\\/\\\/schema.org\",\"@graph\":[{\"@type\":\"WebPage\",\"@id\":\"https:\\\/\\\/www.avenirgroup.ch\\\/team\\\/silvia-krienbuehl\\\/\",\"url\":\"https:\\\/\\\/www.avenirgroup.ch\\\/team\\\/silvia-krienbuehl\\\/\",\"name\":\"Silvia Krienb\u00fchl &#8211; Avenir Group\",\"isPartOf\":{\"@id\":\"https:\\\/\\\/www.avenirgroup.ch\\\/en\\\/#website\"},\"primaryImageOfPage\":{\"@id\":\"https:\\\/\\\/www.avenirgroup.ch\\\/team\\\/silvia-krienbuehl\\\/#primaryimage\"},\"image\":{\"@id\":\"https:\\\/\\\/www.avenirgroup.ch\\\/team\\\/silvia-krienbuehl\\\/#primaryimage\"},\"thumbnailUrl\":\"https:\\\/\\\/www.avenirgroup.ch\\\/wp-content\\\/uploads\\\/Krienbuehl-Silvia-Quadrat-Web.jpg\",\"datePublished\":\"2023-05-30T08:13:20+00:00\",\"dateModified\":\"2025-03-13T14:32:29+00:00\",\"breadcrumb\":{\"@id\":\"https:\\\/\\\/www.avenirgroup.ch\\\/team\\\/silvia-krienbuehl\\\/#breadcrumb\"},\"inLanguage\":\"en-GB\",\"potentialAction\":[{\"@type\":\"ReadAction\",\"target\":[\"https:\\\/\\\/www.avenirgroup.ch\\\/team\\\/silvia-krienbuehl\\\/\"]}]},{\"@type\":\"ImageObject\",\"inLanguage\":\"en-GB\",\"@id\":\"https:\\\/\\\/www.avenirgroup.ch\\\/team\\\/silvia-krienbuehl\\\/#primaryimage\",\"url\":\"https:\\\/\\\/www.avenirgroup.ch\\\/wp-content\\\/uploads\\\/Krienbuehl-Silvia-Quadrat-Web.jpg\",\"contentUrl\":\"https:\\\/\\\/www.avenirgroup.ch\\\/wp-content\\\/uploads\\\/Krienbuehl-Silvia-Quadrat-Web.jpg\",\"width\":1500,\"height\":1500},{\"@type\":\"BreadcrumbList\",\"@id\":\"https:\\\/\\\/www.avenirgroup.ch\\\/team\\\/silvia-krienbuehl\\\/#breadcrumb\",\"itemListElement\":[{\"@type\":\"ListItem\",\"position\":1,\"name\":\"Home\",\"item\":\"https:\\\/\\\/www.avenirgroup.ch\\\/en\\\/\"},{\"@type\":\"ListItem\",\"position\":2,\"name\":\"Silvia Krienb\u00fchl\"}]},{\"@type\":\"WebSite\",\"@id\":\"https:\\\/\\\/www.avenirgroup.ch\\\/en\\\/#website\",\"url\":\"https:\\\/\\\/www.avenirgroup.ch\\\/en\\\/\",\"name\":\"Avenir Group\",\"description\":\"Together we move people and organisations.\",\"publisher\":{\"@id\":\"https:\\\/\\\/www.avenirgroup.ch\\\/en\\\/#organization\"},\"potentialAction\":[{\"@type\":\"SearchAction\",\"target\":{\"@type\":\"EntryPoint\",\"urlTemplate\":\"https:\\\/\\\/www.avenirgroup.ch\\\/en\\\/?s={search_term_string}\"},\"query-input\":{\"@type\":\"PropertyValueSpecification\",\"valueRequired\":true,\"valueName\":\"search_term_string\"}}],\"inLanguage\":\"en-GB\"},{\"@type\":\"Organization\",\"@id\":\"https:\\\/\\\/www.avenirgroup.ch\\\/en\\\/#organization\",\"name\":\"Avenir Group\",\"url\":\"https:\\\/\\\/www.avenirgroup.ch\\\/en\\\/\",\"logo\":{\"@type\":\"ImageObject\",\"inLanguage\":\"en-GB\",\"@id\":\"https:\\\/\\\/www.avenirgroup.ch\\\/en\\\/#\\\/schema\\\/logo\\\/image\\\/\",\"url\":\"https:\\\/\\\/www.avenirgroup.ch\\\/wp-content\\\/uploads\\\/avenir.png\",\"contentUrl\":\"https:\\\/\\\/www.avenirgroup.ch\\\/wp-content\\\/uploads\\\/avenir.png\",\"width\":500,\"height\":191,\"caption\":\"Avenir Group\"},\"image\":{\"@id\":\"https:\\\/\\\/www.avenirgroup.ch\\\/en\\\/#\\\/schema\\\/logo\\\/image\\\/\"},\"sameAs\":[\"https:\\\/\\\/www.facebook.com\\\/avenirgroup\",\"https:\\\/\\\/x.com\\\/avenirgroup\",\"https:\\\/\\\/www.linkedin.com\\\/company\\\/avenirgroup\",\"https:\\\/\\\/www.youtube.com\\\/channel\\\/UCSsjNOO3GSDq1LChWFv1GBQ\"]}]}<\/script>\n<!-- \/ Yoast SEO Premium plugin. -->","yoast_head_json":{"title":"Silvia Krienb\u00fchl &#8211; Avenir Group","robots":{"index":"index","follow":"follow","max-snippet":"max-snippet:-1","max-image-preview":"max-image-preview:large","max-video-preview":"max-video-preview:-1"},"canonical":"https:\/\/www.avenirgroup.ch\/en\/team\/silvia-krienbuehl\/","og_locale":"en_GB","og_type":"article","og_title":"Silvia Krienb\u00fchl","og_description":"Silvia blickt auf eine langj\u00e4hrige T\u00e4tigkeit im Personalbereich zur\u00fcck. Ihre vielseitigen Erfahrungen hat sie sich im Laufe der Zeit mit Fokus auf die","og_url":"https:\/\/www.avenirgroup.ch\/team\/silvia-krienbuehl\/","og_site_name":"Avenir Group","article_publisher":"https:\/\/www.facebook.com\/avenirgroup","article_modified_time":"2025-03-13T14:32:29+00:00","og_image":[{"width":1500,"height":1500,"url":"https:\/\/www.avenirgroup.ch\/wp-content\/uploads\/Krienbuehl-Silvia-Quadrat-Web.jpg","type":"image\/jpeg"}],"twitter_card":"summary_large_image","twitter_site":"@avenirgroup","twitter_misc":{"Estimated reading time":"1 minute"},"schema":{"@context":"https:\/\/schema.org","@graph":[{"@type":"WebPage","@id":"https:\/\/www.avenirgroup.ch\/team\/silvia-krienbuehl\/","url":"https:\/\/www.avenirgroup.ch\/team\/silvia-krienbuehl\/","name":"Silvia Krienb\u00fchl &#8211; Avenir Group","isPartOf":{"@id":"https:\/\/www.avenirgroup.ch\/en\/#website"},"primaryImageOfPage":{"@id":"https:\/\/www.avenirgroup.ch\/team\/silvia-krienbuehl\/#primaryimage"},"image":{"@id":"https:\/\/www.avenirgroup.ch\/team\/silvia-krienbuehl\/#primaryimage"},"thumbnailUrl":"https:\/\/www.avenirgroup.ch\/wp-content\/uploads\/Krienbuehl-Silvia-Quadrat-Web.jpg","datePublished":"2023-05-30T08:13:20+00:00","dateModified":"2025-03-13T14:32:29+00:00","breadcrumb":{"@id":"https:\/\/www.avenirgroup.ch\/team\/silvia-krienbuehl\/#breadcrumb"},"inLanguage":"en-GB","potentialAction":[{"@type":"ReadAction","target":["https:\/\/www.avenirgroup.ch\/team\/silvia-krienbuehl\/"]}]},{"@type":"ImageObject","inLanguage":"en-GB","@id":"https:\/\/www.avenirgroup.ch\/team\/silvia-krienbuehl\/#primaryimage","url":"https:\/\/www.avenirgroup.ch\/wp-content\/uploads\/Krienbuehl-Silvia-Quadrat-Web.jpg","contentUrl":"https:\/\/www.avenirgroup.ch\/wp-content\/uploads\/Krienbuehl-Silvia-Quadrat-Web.jpg","width":1500,"height":1500},{"@type":"BreadcrumbList","@id":"https:\/\/www.avenirgroup.ch\/team\/silvia-krienbuehl\/#breadcrumb","itemListElement":[{"@type":"ListItem","position":1,"name":"Home","item":"https:\/\/www.avenirgroup.ch\/en\/"},{"@type":"ListItem","position":2,"name":"Silvia Krienb\u00fchl"}]},{"@type":"WebSite","@id":"https:\/\/www.avenirgroup.ch\/en\/#website","url":"https:\/\/www.avenirgroup.ch\/en\/","name":"Avenir Group","description":"Together we move people and organisations.","publisher":{"@id":"https:\/\/www.avenirgroup.ch\/en\/#organization"},"potentialAction":[{"@type":"SearchAction","target":{"@type":"EntryPoint","urlTemplate":"https:\/\/www.avenirgroup.ch\/en\/?s={search_term_string}"},"query-input":{"@type":"PropertyValueSpecification","valueRequired":true,"valueName":"search_term_string"}}],"inLanguage":"en-GB"},{"@type":"Organization","@id":"https:\/\/www.avenirgroup.ch\/en\/#organization","name":"Avenir Group","url":"https:\/\/www.avenirgroup.ch\/en\/","logo":{"@type":"ImageObject","inLanguage":"en-GB","@id":"https:\/\/www.avenirgroup.ch\/en\/#\/schema\/logo\/image\/","url":"https:\/\/www.avenirgroup.ch\/wp-content\/uploads\/avenir.png","contentUrl":"https:\/\/www.avenirgroup.ch\/wp-content\/uploads\/avenir.png","width":500,"height":191,"caption":"Avenir Group"},"image":{"@id":"https:\/\/www.avenirgroup.ch\/en\/#\/schema\/logo\/image\/"},"sameAs":["https:\/\/www.facebook.com\/avenirgroup","https:\/\/x.com\/avenirgroup","https:\/\/www.linkedin.com\/company\/avenirgroup","https:\/\/www.youtube.com\/channel\/UCSsjNOO3GSDq1LChWFv1GBQ"]}]}},"_links":{"self":[{"href":"https:\/\/www.avenirgroup.ch\/en\/wp-json\/wp\/v2\/team\/9040","targetHints":{"allow":["GET"]}}],"collection":[{"href":"https:\/\/www.avenirgroup.ch\/en\/wp-json\/wp\/v2\/team"}],"about":[{"href":"https:\/\/www.avenirgroup.ch\/en\/wp-json\/wp\/v2\/types\/team"}],"version-history":[{"count":3,"href":"https:\/\/www.avenirgroup.ch\/en\/wp-json\/wp\/v2\/team\/9040\/revisions"}],"predecessor-version":[{"id":10919,"href":"https:\/\/www.avenirgroup.ch\/en\/wp-json\/wp\/v2\/team\/9040\/revisions\/10919"}],"wp:featuredmedia":[{"embeddable":true,"href":"https:\/\/www.avenirgroup.ch\/en\/wp-json\/wp\/v2\/media\/10586"}],"wp:attachment":[{"href":"https:\/\/www.avenirgroup.ch\/en\/wp-json\/wp\/v2\/media?parent=9040"}],"curies":[{"name":"wp","href":"https:\/\/api.w.org\/{rel}","templated":true}]}}